{"id":4014,"date":"2025-12-04T16:23:51","date_gmt":"2025-12-04T15:23:51","guid":{"rendered":"https:\/\/iuexterior.org\/?page_id=4014"},"modified":"2026-02-18T11:06:57","modified_gmt":"2026-02-18T10:06:57","slug":"iii-asamblea-de-iu-exterior","status":"publish","type":"page","link":"https:\/\/iuexterior.org\/de\/iii-asamblea-de-iu-exterior\/","title":{"rendered":"III Asamblea de IU Exterior"},"content":{"rendered":"<p class=\"wp-block-paragraph\">La Federaci\u00f3n de Izquierda Unida Exterior celebr\u00f3 su III Asamblea de manera telem\u00e1tica el <strong>29 de noviembre de 2025<\/strong>, con la participaci\u00f3n de asambleas de Bruselas, Berl\u00edn, Estocolmo, Toulouse, Buenos Aires y la Asamblea IU Global. <\/p>\n\n\n\n<p class=\"wp-block-paragraph\">Durante la Asamblea se aprobaron por unanimidad el Documento pol\u00edtico, la revisi\u00f3n de Estatutos y la lista presentada para la Coordinadora, reeligiendo a Luis Cort\u00e9s, militante de IU global radicado en Viena, como coordinador.<\/p>\n\n\n\n<figure class=\"wp-block-gallery has-nested-images columns-default is-cropped wp-block-gallery-1 is-layout-flex wp-block-gallery-is-layout-flex\">\n<figure class=\"wp-block-image size-large\"><img loading=\"lazy\" decoding=\"async\" width=\"1024\" height=\"606\" data-id=\"3983\" src=\"https:\/\/iuexterior.org\/wp-content\/uploads\/2025\/12\/G68WC2JXIAAwS62-1024x606.jpeg\" alt=\"\" class=\"wp-image-3983\" srcset=\"https:\/\/iuexterior.org\/wp-content\/uploads\/2025\/12\/G68WC2JXIAAwS62-1024x606.jpeg 1024w, https:\/\/iuexterior.org\/wp-content\/uploads\/2025\/12\/G68WC2JXIAAwS62-300x178.jpeg 300w, https:\/\/iuexterior.org\/wp-content\/uploads\/2025\/12\/G68WC2JXIAAwS62-768x455.jpeg 768w, https:\/\/iuexterior.org\/wp-content\/uploads\/2025\/12\/G68WC2JXIAAwS62-1536x909.jpeg 1536w, https:\/\/iuexterior.org\/wp-content\/uploads\/2025\/12\/G68WC2JXIAAwS62-18x12.jpeg 18w, https:\/\/iuexterior.org\/wp-content\/uploads\/2025\/12\/G68WC2JXIAAwS62.jpeg 2047w\" sizes=\"auto, (max-width: 1024px) 100vw, 1024px\" \/><\/figure>\n\n\n\n<figure class=\"wp-block-image size-large\"><img loading=\"lazy\" decoding=\"async\" width=\"1024\" height=\"606\" data-id=\"3985\" src=\"https:\/\/iuexterior.org\/wp-content\/uploads\/2025\/12\/G68WC2YWYAAjnhD-1024x606.jpeg\" alt=\"\" class=\"wp-image-3985\" srcset=\"https:\/\/iuexterior.org\/wp-content\/uploads\/2025\/12\/G68WC2YWYAAjnhD-1024x606.jpeg 1024w, https:\/\/iuexterior.org\/wp-content\/uploads\/2025\/12\/G68WC2YWYAAjnhD-300x178.jpeg 300w, https:\/\/iuexterior.org\/wp-content\/uploads\/2025\/12\/G68WC2YWYAAjnhD-768x455.jpeg 768w, https:\/\/iuexterior.org\/wp-content\/uploads\/2025\/12\/G68WC2YWYAAjnhD-1536x909.jpeg 1536w, https:\/\/iuexterior.org\/wp-content\/uploads\/2025\/12\/G68WC2YWYAAjnhD-18x12.jpeg 18w, https:\/\/iuexterior.org\/wp-content\/uploads\/2025\/12\/G68WC2YWYAAjnhD.jpeg 2047w\" sizes=\"auto, (max-width: 1024px) 100vw, 1024px\" \/><\/figure>\n<\/figure>\n\n\n\n<p class=\"wp-block-paragraph\">El debate sobre el Documento pol\u00edtico-organizativo y los Estatutos incluy\u00f3 enmiendas sobre la creaci\u00f3n de comunidad en el exterior, el reconocimiento de los espacios de memoria hist\u00f3rica fuera de Espa\u00f1a y la solidaridad con pueblos como el palestino, saharaui y sudan\u00e9s. La Asamblea cerr\u00f3 con la constituci\u00f3n de la nueva Coordinadora y la voluntad de reforzar la organizaci\u00f3n, profundizar la articulaci\u00f3n de asambleas, impulsar las propuestas pol\u00edticas aprobadas y consolidar alianzas de unidad popular desde la base.<\/p>\n\n\n\n<h2 class=\"wp-block-heading\">Documentos<\/h2>\n\n\n\n<ul class=\"wp-block-list\">\n<li><a href=\"http:\/\/iuexterior.org\/wp-content\/uploads\/2025\/12\/Normas-y-calendario.pdf\" target=\"_blank\" rel=\"noreferrer noopener\">Normas y calendario<\/a><\/li>\n\n\n\n<li><a href=\"http:\/\/iuexterior.org\/wp-content\/uploads\/2025\/12\/Construir-la-izquierda-en-el-exterior-desde-la-accion.pdf\" target=\"_blank\" rel=\"noreferrer noopener\">\u00abConstruir la izquierda en el <\/a><a href=\"http:\/\/iuexterior.org\/wp-content\/uploads\/2026\/02\/Construir-la-izquierda-en-el-exterior-desde-la-accion.pdf\" target=\"_blank\" rel=\"noreferrer noopener\">exterior<\/a><a href=\"http:\/\/iuexterior.org\/wp-content\/uploads\/2025\/12\/Construir-la-izquierda-en-el-exterior-desde-la-accion.pdf\" target=\"_blank\" rel=\"noreferrer noopener\"> desde la accio\u0301n\u00bb. Documento pol\u00edtico-organizativo<\/a><\/li>\n\n\n\n<li><a href=\"http:\/\/iuexterior.org\/wp-content\/uploads\/2026\/02\/ESTATUTOS-III-ASAMBLEA-IU-EXTERIOR.pdf\" target=\"_blank\" rel=\"noreferrer noopener\">Estatutos de IU Exterior<\/a><\/li>\n\n\n\n<li><a href=\"http:\/\/iuexterior.org\/wp-content\/uploads\/2021\/08\/Informe-de-gestion-2017-2021.pdf\">Informe de gesti\u00f3n 2021-2025<\/a><\/li>\n<\/ul>\n\n\n\n<h2 class=\"wp-block-heading\">Candidatura<\/h2>\n\n\n\n<p class=\"wp-block-paragraph\"><strong>Candidatura a la Coordinadora de Izquierda Unida Exterior<\/strong> &#8211; <a href=\"http:\/\/iuexterior.org\/wp-content\/uploads\/2025\/12\/lista-Construir-la-izquierda-en-el-exterior-desde-la-accion.pdf\">Lista \u00abConstruir la izquierda en el exterior desde la accio\u0301n<\/a>\u00ab<\/p>\n\n\n\n<h2 class=\"wp-block-heading\">Saludos<\/h2>\n\n\n\n<figure class=\"wp-block-video alignleft\" style=\"max-width:300px;\">\n  <video controls style=\"width:100%; height:auto;\" src=\"http:\/\/iuexterior.org\/wp-content\/uploads\/2025\/12\/saludos-iu-exterior_1.mp4\"><\/video>\n<\/figure>\n\n\n\n<figure class=\"wp-block-video\" style=\"max-width:300px; float:right;\">\n  <video controls style=\"width:100%; height:auto;\" src=\"https:\/\/iuexterior.org\/wp-content\/uploads\/2025\/12\/maillo_3.mp4\"><\/video>\n<\/figure>\n\n\n\n<div style=\"clear: both;\"><\/div>\n\n\n\n<h2 class=\"wp-block-heading\">\u00dcber die IU Exterior<\/h2>\n\n\n\n<p class=\"wp-block-paragraph translation-block\">La&nbsp;<strong>Federaci\u00f3n del Exterior de Izquierda Unida<\/strong>&nbsp;<a href=\"http:\/\/iuexterior.org\/de\/2017\/04\/30\/la-federacion-del-exterior-de-iu-nace-para-movilizar-politicamente-a-la-emigracion-espanola\/\" target=\"_self\">naci\u00f3 en abril de 2017<\/a>&nbsp;para movilizar pol\u00edticamente a la emigraci\u00f3n espa\u00f1ola y darle voz a sus reivindicaciones. Actualmente contamos con asambleas estables en&nbsp;<a href=\"http:\/\/iuexterior.org\/de\/Bruselas\/\" rel=\"noreferrer noopener\" target=\"_self\">Bruselas<\/a>, B\u00e9lgica;&nbsp;<a href=\"http:\/\/iuexterior.org\/de\/Berlin\/\" rel=\"noreferrer noopener\" target=\"_self\">Berl\u00edn<\/a>&nbsp;y&nbsp;<a href=\"http:\/\/iuexterior.org\/de\/Frankfurt\/\" rel=\"noreferrer noopener\" target=\"_self\">Frankfurt<\/a>, en Alemania;&nbsp;<a href=\"http:\/\/iuexterior.org\/de\/Luexmburgo\/\" rel=\"noreferrer noopener\" target=\"_self\">Luxemburgo<\/a>;&nbsp;<a href=\"http:\/\/iuexterior.org\/de\/Zurich\/\" rel=\"noreferrer noopener\" target=\"_self\">Z\u00farich<\/a>, en Suiza; en&nbsp;<a href=\"http:\/\/iuexterior.org\/de\/Lyon\/\" target=\"_self\">Lyon<\/a>&nbsp;y&nbsp;<a href=\"http:\/\/iuexterior.org\/de\/Toulouse\/\" rel=\"noreferrer noopener\" target=\"_self\">Toulouse<\/a>, en Francia; y tanto en&nbsp;la&nbsp;<a href=\"http:\/\/iuexterior.org\/de\/BuenosAires\/\" rel=\"noreferrer noopener\" target=\"_self\">Ciudad de Buenos Aires<\/a>&nbsp;como en la&nbsp;<a href=\"http:\/\/iuexterior.org\/de\/provinciabuenosaires\/\" rel=\"noreferrer noopener\" target=\"_self\">Provincia de Buenos Aires<\/a>, Argentina. Adem\u00e1s, la federaci\u00f3n dispone de la asamblea&nbsp;<a href=\"http:\/\/iuexterior.org\/de\/Global\/\" rel=\"noreferrer noopener\" target=\"_self\">IU Global<\/a>, por medio de la cual participa la militancia dispersa por el mundo sin acceso a una asamblea local propia.<\/p>\n\n\n\n<p class=\"wp-block-paragraph translation-block\">Puedes contactar con&nbsp;<strong>IU Exterior<\/strong>&nbsp;a trav\u00e9s del correo&nbsp;<a href=\"mailto:exterior@izquierdaunida.org\" rel=\"noreferrer noopener\" target=\"_self\"><strong>exterior@izquierdaunida.org<\/strong><\/a>&nbsp;o de nuestros perfiles en&nbsp;<a href=\"https:\/\/www.facebook.com\/IUExterior\/\" rel=\"noreferrer noopener\" target=\"_self\"><strong>Facebook<\/strong><\/a>,&nbsp;<a href=\"https:\/\/twitter.com\/IUExterior\/\" rel=\"noreferrer noopener\" target=\"_self\"><strong>Twitter<\/strong><\/a>&nbsp;e&nbsp;<a href=\"https:\/\/www.instagram.com\/IUExterior\/\" rel=\"noreferrer noopener\" target=\"_self\"><strong>Instagram<\/strong><\/a>.<\/p>","protected":false},"excerpt":{"rendered":"<p>La Federaci\u00f3n de Izquierda Unida Exterior celebr\u00f3 su III Asamblea de manera telem\u00e1tica el 29 de noviembre de 2025, con la participaci\u00f3n de asambleas de Bruselas, Berl\u00edn, Estocolmo, Toulouse, Buenos &hellip;<\/p>","protected":false},"author":8,"featured_media":3983,"parent":0,"menu_order":0,"comment_status":"closed","ping_status":"closed","template":"","meta":{"footnotes":""},"class_list":["post-4014","page","type-page","status-publish","has-post-thumbnail",""],"_links":{"self":[{"href":"https:\/\/iuexterior.org\/de\/wp-json\/wp\/v2\/pages\/4014","targetHints":{"allow":["GET"]}}],"collection":[{"href":"https:\/\/iuexterior.org\/de\/wp-json\/wp\/v2\/pages"}],"about":[{"href":"https:\/\/iuexterior.org\/de\/wp-json\/wp\/v2\/types\/page"}],"author":[{"embeddable":true,"href":"https:\/\/iuexterior.org\/de\/wp-json\/wp\/v2\/users\/8"}],"replies":[{"embeddable":true,"href":"https:\/\/iuexterior.org\/de\/wp-json\/wp\/v2\/comments?post=4014"}],"version-history":[{"count":18,"href":"https:\/\/iuexterior.org\/de\/wp-json\/wp\/v2\/pages\/4014\/revisions"}],"predecessor-version":[{"id":5698,"href":"https:\/\/iuexterior.org\/de\/wp-json\/wp\/v2\/pages\/4014\/revisions\/5698"}],"wp:featuredmedia":[{"embeddable":true,"href":"https:\/\/iuexterior.org\/de\/wp-json\/wp\/v2\/media\/3983"}],"wp:attachment":[{"href":"https:\/\/iuexterior.org\/de\/wp-json\/wp\/v2\/media?parent=4014"}],"curies":[{"name":"wp","href":"https:\/\/api.w.org\/{rel}","templated":true}]}}