{"id":2091,"date":"2020-10-30T19:26:00","date_gmt":"2020-10-30T18:26:00","guid":{"rendered":"http:\/\/iuexterior.org\/?page_id=2091"},"modified":"2025-11-04T11:25:12","modified_gmt":"2025-11-04T10:25:12","slug":"toulouse","status":"publish","type":"page","link":"http:\/\/iuexterior.org\/de\/toulouse\/","title":{"rendered":"IU Toulouse"},"content":{"rendered":"<p class=\"wp-block-paragraph\">La asamblea de <strong>IU Toulouse<\/strong> se constituy\u00f3 el <strong><a href=\"http:\/\/iuexterior.org\/de\/2017\/12\/02\/iuexterior-moviliza-a-la-emigracion-espanola-con-una-asamblea-estable-en-toulouse\/\">25 de noviembre de 2017<\/a> <\/strong>tras la fundaci\u00f3n de la federaci\u00f3n de <strong><a href=\"http:\/\/iuexterior.org\/de\/i-asamblea-de-iu-exterior\/\">Izquierda Unida en el Exterior<\/a><\/strong>. Anteriormente, ven\u00eda funcionando como asamblea de la extinta federaci\u00f3n de IU Francia desde el <strong>28 de febrero de 2015<\/strong>, aunque la presencia de la migraci\u00f3n espa\u00f1ola en esta ciudad francesa se remonta al exilio republicano como consecuencia del franquismo y a las posteriores olas de migraci\u00f3n econ\u00f3mica.<\/p>\n\n\n\n<figure class=\"wp-block-image size-large\"><img loading=\"lazy\" decoding=\"async\" width=\"678\" height=\"972\" src=\"http:\/\/iuexterior.org\/wp-content\/uploads\/2020\/10\/foto-asamblea.png\" alt=\"\" class=\"wp-image-2094\" srcset=\"http:\/\/iuexterior.org\/wp-content\/uploads\/2020\/10\/foto-asamblea.png 678w, http:\/\/iuexterior.org\/wp-content\/uploads\/2020\/10\/foto-asamblea-209x300.png 209w, http:\/\/iuexterior.org\/wp-content\/uploads\/2020\/10\/foto-asamblea-8x12.png 8w\" sizes=\"auto, (max-width: 678px) 100vw, 678px\" \/><\/figure>\n\n\n\n<ul class=\"wp-block-list\">\n<li>Su <strong>Coordinadora Local<\/strong> est\u00e1 compuesta por:<\/li>\n\n\n\n<li><strong>Coordinaci\u00f3n<\/strong>: Beatriz Ramos Vidal de la Torre<\/li>\n\n\n\n<li><strong>Organisation<\/strong>: Eugenio Urcera<\/li>\n\n\n\n<li><strong>Comunicaci\u00f3n<\/strong>: Julia Macera<\/li>\n<\/ul>\n\n\n\n<p class=\"wp-block-paragraph\">Puedes contactar con&nbsp;<strong>IU Toulouse <\/strong>a trav\u00e9s del correo&nbsp;<a href=\"mailto:global@iuexterior.org\"><\/a><a href=\"mailto:toulouse@iuexterior.org\" rel=\"noreferrer noopener\" target=\"_blank\">toulouse@iuexterior.org<\/a>&nbsp;y de sus perfiles en&nbsp;<strong><a href=\"https:\/\/www.facebook.com\/IUToulouse\" target=\"_blank\" rel=\"noreferrer noopener\">Facebook<\/a><\/strong>&nbsp;y&nbsp;<strong><a href=\"https:\/\/twitter.com\/iutoulouse\" target=\"_blank\" rel=\"noreferrer noopener\">Twitter<\/a><\/strong>.<a href=\"https:\/\/www.facebook.com\/IUAsambleaGlobal\/\"><\/a><\/p>\n\n\n\n<ul class=\"wp-block-social-links is-layout-flex wp-block-social-links-is-layout-flex\">\n\n\n\n\n\n\n\n\n\n\n\n<li class=\"wp-social-link wp-social-link-facebook wp-block-social-link\"><a href=\"https:\/\/www.facebook.com\/IUToulouse\" class=\"wp-block-social-link-anchor\"><svg width=\"24\" height=\"24\" viewbox=\"0 0 24 24\" version=\"1.1\" xmlns=\"http:\/\/www.w3.org\/2000\/svg\" aria-hidden=\"true\" focusable=\"false\"><path d=\"M12 2C6.5 2 2 6.5 2 12c0 5 3.7 9.1 8.4 9.9v-7H7.9V12h2.5V9.8c0-2.5 1.5-3.9 3.8-3.9 1.1 0 2.2.2 2.2.2v2.5h-1.3c-1.2 0-1.6.8-1.6 1.6V12h2.8l-.4 2.9h-2.3v7C18.3 21.1 22 17 22 12c0-5.5-4.5-10-10-10z\"><\/path><\/svg><span class=\"wp-block-social-link-label screen-reader-text\">Facebook<\/span><\/a><\/li>\n\n<li class=\"wp-social-link wp-social-link-twitter wp-block-social-link\"><a href=\"https:\/\/twitter.com\/iutoulouse\" class=\"wp-block-social-link-anchor\"><svg width=\"24\" height=\"24\" viewbox=\"0 0 24 24\" version=\"1.1\" xmlns=\"http:\/\/www.w3.org\/2000\/svg\" aria-hidden=\"true\" focusable=\"false\"><path d=\"M22.23,5.924c-0.736,0.326-1.527,0.547-2.357,0.646c0.847-0.508,1.498-1.312,1.804-2.27 c-0.793,0.47-1.671,0.812-2.606,0.996C18.324,4.498,17.257,4,16.077,4c-2.266,0-4.103,1.837-4.103,4.103 c0,0.322,0.036,0.635,0.106,0.935C8.67,8.867,5.647,7.234,3.623,4.751C3.27,5.357,3.067,6.062,3.067,6.814 c0,1.424,0.724,2.679,1.825,3.415c-0.673-0.021-1.305-0.206-1.859-0.513c0,0.017,0,0.034,0,0.052c0,1.988,1.414,3.647,3.292,4.023 c-0.344,0.094-0.707,0.144-1.081,0.144c-0.264,0-0.521-0.026-0.772-0.074c0.522,1.63,2.038,2.816,3.833,2.85 c-1.404,1.1-3.174,1.756-5.096,1.756c-0.331,0-0.658-0.019-0.979-0.057c1.816,1.164,3.973,1.843,6.29,1.843 c7.547,0,11.675-6.252,11.675-11.675c0-0.178-0.004-0.355-0.012-0.531C20.985,7.47,21.68,6.747,22.23,5.924z\"><\/path><\/svg><span class=\"wp-block-social-link-label screen-reader-text\">Twitter<\/span><\/a><\/li><\/ul>\n\n\n\n<h3 class=\"wp-block-heading\">Noticias de IU Toulouse<a href=\"https:\/\/twitter.com\/IU_Global\"><\/a><\/h3>\n\n\n<ul class=\"wp-block-latest-posts__list is-grid wp-block-latest-posts is-layout-flow wp-block-latest-posts-is-layout-flow\"><li><div class=\"wp-block-latest-posts__featured-image\"><img loading=\"lazy\" decoding=\"async\" width=\"300\" height=\"178\" src=\"http:\/\/iuexterior.org\/wp-content\/uploads\/2025\/12\/G68WC2JXIAAwS62-300x178.jpeg\" class=\"attachment-medium size-medium wp-post-image\" alt=\"\" style=\"\" srcset=\"http:\/\/iuexterior.org\/wp-content\/uploads\/2025\/12\/G68WC2JXIAAwS62-300x178.jpeg 300w, http:\/\/iuexterior.org\/wp-content\/uploads\/2025\/12\/G68WC2JXIAAwS62-1024x606.jpeg 1024w, http:\/\/iuexterior.org\/wp-content\/uploads\/2025\/12\/G68WC2JXIAAwS62-768x455.jpeg 768w, http:\/\/iuexterior.org\/wp-content\/uploads\/2025\/12\/G68WC2JXIAAwS62-1536x909.jpeg 1536w, http:\/\/iuexterior.org\/wp-content\/uploads\/2025\/12\/G68WC2JXIAAwS62-18x12.jpeg 18w, http:\/\/iuexterior.org\/wp-content\/uploads\/2025\/12\/G68WC2JXIAAwS62.jpeg 2047w\" sizes=\"auto, (max-width: 300px) 100vw, 300px\" \/><\/div><a class=\"wp-block-latest-posts__post-title\" href=\"http:\/\/iuexterior.org\/de\/2025\/12\/04\/izquierda-unida-exterior-celebra-su-iii-asamblea-y-reelige-a-luis-cortes-como-coordinador\/\">Izquierda Unida Exterior celebra su III Asamblea y reelige a Luis Cort\u00e9s como coordinador<\/a><\/li>\n<li><div class=\"wp-block-latest-posts__featured-image\"><img loading=\"lazy\" decoding=\"async\" width=\"300\" height=\"204\" src=\"http:\/\/iuexterior.org\/wp-content\/uploads\/2025\/05\/escuela-iuexterior-2025-a-e1762251741761-300x204.png\" class=\"attachment-medium size-medium wp-post-image\" alt=\"\" style=\"\" srcset=\"http:\/\/iuexterior.org\/wp-content\/uploads\/2025\/05\/escuela-iuexterior-2025-a-e1762251741761-300x204.png 300w, http:\/\/iuexterior.org\/wp-content\/uploads\/2025\/05\/escuela-iuexterior-2025-a-e1762251741761-18x12.png 18w, http:\/\/iuexterior.org\/wp-content\/uploads\/2025\/05\/escuela-iuexterior-2025-a-e1762251741761-110x75.png 110w, http:\/\/iuexterior.org\/wp-content\/uploads\/2025\/05\/escuela-iuexterior-2025-a-e1762251741761.png 620w\" sizes=\"auto, (max-width: 300px) 100vw, 300px\" \/><\/div><a class=\"wp-block-latest-posts__post-title\" href=\"http:\/\/iuexterior.org\/de\/2025\/05\/05\/ii-escuela-de-primavera-de-iu-exterior-en-berlin\/\">II Escuela de Primavera de IU Exterior en Berl\u00edn<\/a><\/li>\n<li><div class=\"wp-block-latest-posts__featured-image\"><img loading=\"lazy\" decoding=\"async\" width=\"300\" height=\"169\" src=\"http:\/\/iuexterior.org\/wp-content\/uploads\/2023\/10\/image-300x169.jpg\" class=\"attachment-medium size-medium wp-post-image\" alt=\"\" style=\"\" srcset=\"http:\/\/iuexterior.org\/wp-content\/uploads\/2023\/10\/image-300x169.jpg 300w, http:\/\/iuexterior.org\/wp-content\/uploads\/2023\/10\/image-768x434.jpg 768w, http:\/\/iuexterior.org\/wp-content\/uploads\/2023\/10\/image-16x9.jpg 16w, http:\/\/iuexterior.org\/wp-content\/uploads\/2023\/10\/image.jpg 885w\" sizes=\"auto, (max-width: 300px) 100vw, 300px\" \/><\/div><a class=\"wp-block-latest-posts__post-title\" href=\"http:\/\/iuexterior.org\/de\/2023\/10\/20\/iu-toulouse-rechaza-la-represion-contra-las-muestras-de-apoyo-a-palestina\/\">IU Toulouse rechaza la represi\u00f3n contra las muestras de apoyo a Palestina<\/a><\/li>\n<li><div class=\"wp-block-latest-posts__featured-image\"><img loading=\"lazy\" decoding=\"async\" width=\"300\" height=\"169\" src=\"http:\/\/iuexterior.org\/wp-content\/uploads\/2022\/05\/2b498e1b-caa8-4db4-8d60-b7cf69518cd9-300x169.jpg\" class=\"attachment-medium size-medium wp-post-image\" alt=\"\" style=\"\" srcset=\"http:\/\/iuexterior.org\/wp-content\/uploads\/2022\/05\/2b498e1b-caa8-4db4-8d60-b7cf69518cd9-300x169.jpg 300w, http:\/\/iuexterior.org\/wp-content\/uploads\/2022\/05\/2b498e1b-caa8-4db4-8d60-b7cf69518cd9-1024x576.jpg 1024w, http:\/\/iuexterior.org\/wp-content\/uploads\/2022\/05\/2b498e1b-caa8-4db4-8d60-b7cf69518cd9-768x432.jpg 768w, http:\/\/iuexterior.org\/wp-content\/uploads\/2022\/05\/2b498e1b-caa8-4db4-8d60-b7cf69518cd9-16x9.jpg 16w, http:\/\/iuexterior.org\/wp-content\/uploads\/2022\/05\/2b498e1b-caa8-4db4-8d60-b7cf69518cd9.jpg 1280w\" sizes=\"auto, (max-width: 300px) 100vw, 300px\" \/><\/div><a class=\"wp-block-latest-posts__post-title\" href=\"http:\/\/iuexterior.org\/de\/2022\/05\/30\/iu-exterior-y-por-andalucia-celebran-un-encuentro-con-la-emigracion-andaluza-en-toulouse-este-viernes\/\">IU Exterior y Por Andaluc\u00eda celebran un encuentro con la emigraci\u00f3n andaluza en Toulouse este viernes<\/a><\/li>\n<li><div class=\"wp-block-latest-posts__featured-image\"><img loading=\"lazy\" decoding=\"async\" width=\"300\" height=\"169\" src=\"http:\/\/iuexterior.org\/wp-content\/uploads\/2021\/03\/8MdeMigrante-16-9-300x169.png\" class=\"attachment-medium size-medium wp-post-image\" alt=\"\" style=\"\" srcset=\"http:\/\/iuexterior.org\/wp-content\/uploads\/2021\/03\/8MdeMigrante-16-9-300x169.png 300w, http:\/\/iuexterior.org\/wp-content\/uploads\/2021\/03\/8MdeMigrante-16-9-1024x576.png 1024w, http:\/\/iuexterior.org\/wp-content\/uploads\/2021\/03\/8MdeMigrante-16-9-768x432.png 768w, http:\/\/iuexterior.org\/wp-content\/uploads\/2021\/03\/8MdeMigrante-16-9-1536x864.png 1536w, http:\/\/iuexterior.org\/wp-content\/uploads\/2021\/03\/8MdeMigrante-16-9-16x9.png 16w, http:\/\/iuexterior.org\/wp-content\/uploads\/2021\/03\/8MdeMigrante-16-9.png 1920w\" sizes=\"auto, (max-width: 300px) 100vw, 300px\" \/><\/div><a class=\"wp-block-latest-posts__post-title\" href=\"http:\/\/iuexterior.org\/de\/2021\/03\/06\/mujeres-emigradas-reivindican-un-8m-de-mujer-y-de-migrante-desde-todo-el-mundo\/\">Mujeres emigradas reivindican un 8M \u00abde Mujer y de Migrante\u00bb desde todo el mundo<\/a><\/li>\n<li><div class=\"wp-block-latest-posts__featured-image\"><img loading=\"lazy\" decoding=\"async\" width=\"300\" height=\"169\" src=\"http:\/\/iuexterior.org\/wp-content\/uploads\/2020\/01\/IU-Global-300x169.png\" class=\"attachment-medium size-medium wp-post-image\" alt=\"\" style=\"\" srcset=\"http:\/\/iuexterior.org\/wp-content\/uploads\/2020\/01\/IU-Global-300x169.png 300w, http:\/\/iuexterior.org\/wp-content\/uploads\/2020\/01\/IU-Global-1024x576.png 1024w, http:\/\/iuexterior.org\/wp-content\/uploads\/2020\/01\/IU-Global-768x432.png 768w, http:\/\/iuexterior.org\/wp-content\/uploads\/2020\/01\/IU-Global-1536x864.png 1536w, http:\/\/iuexterior.org\/wp-content\/uploads\/2020\/01\/IU-Global.png 1920w\" sizes=\"auto, (max-width: 300px) 100vw, 300px\" \/><\/div><a class=\"wp-block-latest-posts__post-title\" href=\"http:\/\/iuexterior.org\/de\/2020\/11\/12\/la-emigracion-participa-en-el-proceso-de-debate-hacia-la-xii-asamblea-de-iu\/\">La emigraci\u00f3n participa en el proceso de debate hacia la XII Asamblea de IU<\/a><\/li>\n<\/ul>","protected":false},"excerpt":{"rendered":"<p>La asamblea de IU Toulouse se constituy\u00f3 el 25 de noviembre de 2017 tras la fundaci\u00f3n de la federaci\u00f3n de Izquierda Unida en el Exterior. Anteriormente, ven\u00eda funcionando como asamblea &hellip;<\/p>","protected":false},"author":2,"featured_media":101,"parent":0,"menu_order":0,"comment_status":"closed","ping_status":"closed","template":"","meta":{"footnotes":""},"class_list":["post-2091","page","type-page","status-publish","has-post-thumbnail",""],"_links":{"self":[{"href":"http:\/\/iuexterior.org\/de\/wp-json\/wp\/v2\/pages\/2091","targetHints":{"allow":["GET"]}}],"collection":[{"href":"http:\/\/iuexterior.org\/de\/wp-json\/wp\/v2\/pages"}],"about":[{"href":"http:\/\/iuexterior.org\/de\/wp-json\/wp\/v2\/types\/page"}],"author":[{"embeddable":true,"href":"http:\/\/iuexterior.org\/de\/wp-json\/wp\/v2\/users\/2"}],"replies":[{"embeddable":true,"href":"http:\/\/iuexterior.org\/de\/wp-json\/wp\/v2\/comments?post=2091"}],"version-history":[{"count":3,"href":"http:\/\/iuexterior.org\/de\/wp-json\/wp\/v2\/pages\/2091\/revisions"}],"predecessor-version":[{"id":3565,"href":"http:\/\/iuexterior.org\/de\/wp-json\/wp\/v2\/pages\/2091\/revisions\/3565"}],"wp:featuredmedia":[{"embeddable":true,"href":"http:\/\/iuexterior.org\/de\/wp-json\/wp\/v2\/media\/101"}],"wp:attachment":[{"href":"http:\/\/iuexterior.org\/de\/wp-json\/wp\/v2\/media?parent=2091"}],"curies":[{"name":"wp","href":"https:\/\/api.w.org\/{rel}","templated":true}]}}