{"id":4014,"date":"2025-12-04T16:23:51","date_gmt":"2025-12-04T15:23:51","guid":{"rendered":"https:\/\/iuexterior.org\/?page_id=4014"},"modified":"2026-02-18T11:06:57","modified_gmt":"2026-02-18T10:06:57","slug":"iii-asamblea-de-iu-exterior","status":"publish","type":"page","link":"http:\/\/iuexterior.org\/ca\/iii-asamblea-de-iu-exterior\/","title":{"rendered":"III Asamblea de IU Exterior"},"content":{"rendered":"<p class=\"wp-block-paragraph\">La Federaci\u00f3n de Izquierda Unida Exterior celebr\u00f3 su III Asamblea de manera telem\u00e1tica el <strong>29 de noviembre de 2025<\/strong>, con la participaci\u00f3n de asambleas de Bruselas, Berl\u00edn, Estocolmo, Toulouse, Buenos Aires y la Asamblea IU Global. <\/p>\n\n\n\n<p class=\"wp-block-paragraph\">Durante la Asamblea se aprobaron por unanimidad el Documento pol\u00edtico, la revisi\u00f3n de Estatutos y la lista presentada para la Coordinadora, reeligiendo a Luis Cort\u00e9s, militante de IU global radicado en Viena, como coordinador.<\/p>\n\n\n\n<figure class=\"wp-block-gallery has-nested-images columns-default is-cropped wp-block-gallery-1 is-layout-flex wp-block-gallery-is-layout-flex\">\n<figure class=\"wp-block-image size-large\"><img loading=\"lazy\" decoding=\"async\" width=\"1024\" height=\"606\" data-id=\"3983\" src=\"https:\/\/iuexterior.org\/wp-content\/uploads\/2025\/12\/G68WC2JXIAAwS62-1024x606.jpeg\" alt=\"\" class=\"wp-image-3983\" srcset=\"http:\/\/iuexterior.org\/wp-content\/uploads\/2025\/12\/G68WC2JXIAAwS62-1024x606.jpeg 1024w, http:\/\/iuexterior.org\/wp-content\/uploads\/2025\/12\/G68WC2JXIAAwS62-300x178.jpeg 300w, http:\/\/iuexterior.org\/wp-content\/uploads\/2025\/12\/G68WC2JXIAAwS62-768x455.jpeg 768w, http:\/\/iuexterior.org\/wp-content\/uploads\/2025\/12\/G68WC2JXIAAwS62-1536x909.jpeg 1536w, http:\/\/iuexterior.org\/wp-content\/uploads\/2025\/12\/G68WC2JXIAAwS62-18x12.jpeg 18w, http:\/\/iuexterior.org\/wp-content\/uploads\/2025\/12\/G68WC2JXIAAwS62.jpeg 2047w\" sizes=\"auto, (max-width: 1024px) 100vw, 1024px\" \/><\/figure>\n\n\n\n<figure class=\"wp-block-image size-large\"><img loading=\"lazy\" decoding=\"async\" width=\"1024\" height=\"606\" data-id=\"3985\" src=\"https:\/\/iuexterior.org\/wp-content\/uploads\/2025\/12\/G68WC2YWYAAjnhD-1024x606.jpeg\" alt=\"\" class=\"wp-image-3985\" srcset=\"http:\/\/iuexterior.org\/wp-content\/uploads\/2025\/12\/G68WC2YWYAAjnhD-1024x606.jpeg 1024w, http:\/\/iuexterior.org\/wp-content\/uploads\/2025\/12\/G68WC2YWYAAjnhD-300x178.jpeg 300w, http:\/\/iuexterior.org\/wp-content\/uploads\/2025\/12\/G68WC2YWYAAjnhD-768x455.jpeg 768w, http:\/\/iuexterior.org\/wp-content\/uploads\/2025\/12\/G68WC2YWYAAjnhD-1536x909.jpeg 1536w, http:\/\/iuexterior.org\/wp-content\/uploads\/2025\/12\/G68WC2YWYAAjnhD-18x12.jpeg 18w, http:\/\/iuexterior.org\/wp-content\/uploads\/2025\/12\/G68WC2YWYAAjnhD.jpeg 2047w\" sizes=\"auto, (max-width: 1024px) 100vw, 1024px\" \/><\/figure>\n<\/figure>\n\n\n\n<p class=\"wp-block-paragraph\">El debate sobre el Documento pol\u00edtico-organizativo y los Estatutos incluy\u00f3 enmiendas sobre la creaci\u00f3n de comunidad en el exterior, el reconocimiento de los espacios de memoria hist\u00f3rica fuera de Espa\u00f1a y la solidaridad con pueblos como el palestino, saharaui y sudan\u00e9s. La Asamblea cerr\u00f3 con la constituci\u00f3n de la nueva Coordinadora y la voluntad de reforzar la organizaci\u00f3n, profundizar la articulaci\u00f3n de asambleas, impulsar las propuestas pol\u00edticas aprobadas y consolidar alianzas de unidad popular desde la base.<\/p>\n\n\n\n<h2 class=\"wp-block-heading\">Documentos<\/h2>\n\n\n\n<ul class=\"wp-block-list\">\n<li><a href=\"http:\/\/iuexterior.org\/wp-content\/uploads\/2025\/12\/Normas-y-calendario.pdf\" target=\"_blank\" rel=\"noreferrer noopener\">Normas y calendario<\/a><\/li>\n\n\n\n<li><a href=\"http:\/\/iuexterior.org\/wp-content\/uploads\/2025\/12\/Construir-la-izquierda-en-el-exterior-desde-la-accion.pdf\" target=\"_blank\" rel=\"noreferrer noopener\">\u00abConstruir la izquierda en el <\/a><a href=\"http:\/\/iuexterior.org\/wp-content\/uploads\/2026\/02\/Construir-la-izquierda-en-el-exterior-desde-la-accion.pdf\" target=\"_blank\" rel=\"noreferrer noopener\">exterior<\/a><a href=\"http:\/\/iuexterior.org\/wp-content\/uploads\/2025\/12\/Construir-la-izquierda-en-el-exterior-desde-la-accion.pdf\" target=\"_blank\" rel=\"noreferrer noopener\"> desde la accio\u0301n\u00bb. Documento pol\u00edtico-organizativo<\/a><\/li>\n\n\n\n<li><a href=\"http:\/\/iuexterior.org\/wp-content\/uploads\/2026\/02\/ESTATUTOS-III-ASAMBLEA-IU-EXTERIOR.pdf\" target=\"_blank\" rel=\"noreferrer noopener\">Estatutos de IU Exterior<\/a><\/li>\n\n\n\n<li><a href=\"http:\/\/iuexterior.org\/wp-content\/uploads\/2021\/08\/Informe-de-gestion-2017-2021.pdf\">Informe de gesti\u00f3n 2021-2025<\/a><\/li>\n<\/ul>\n\n\n\n<h2 class=\"wp-block-heading\">Candidatura<\/h2>\n\n\n\n<p class=\"wp-block-paragraph\"><strong>Candidatura a la Coordinadora de Izquierda Unida Exterior<\/strong> &#8211; <a href=\"http:\/\/iuexterior.org\/wp-content\/uploads\/2025\/12\/lista-Construir-la-izquierda-en-el-exterior-desde-la-accion.pdf\">Lista \u00abConstruir la izquierda en el exterior desde la accio\u0301n<\/a>\u00ab<\/p>\n\n\n\n<h2 class=\"wp-block-heading\">Saludos<\/h2>\n\n\n\n<figure class=\"wp-block-video alignleft\" style=\"max-width:300px;\">\n  <video controls style=\"width:100%; height:auto;\" src=\"http:\/\/iuexterior.org\/wp-content\/uploads\/2025\/12\/saludos-iu-exterior_1.mp4\"><\/video>\n<\/figure>\n\n\n\n<figure class=\"wp-block-video\" style=\"max-width:300px; float:right;\">\n  <video controls style=\"width:100%; height:auto;\" src=\"https:\/\/iuexterior.org\/wp-content\/uploads\/2025\/12\/maillo_3.mp4\"><\/video>\n<\/figure>\n\n\n\n<div style=\"clear: both;\"><\/div>\n\n\n\n<h2 class=\"wp-block-heading\">Sobre IU Exterior<\/h2>\n\n\n\n<p class=\"wp-block-paragraph translation-block\">La <strong>Federaci\u00f3 Exterior d\u2019Izquierda Unida<\/strong> <a href=\"http:\/\/iuexterior.org\/ca\/2017\/04\/30\/la-federacion-del-exterior-de-iu-nace-para-movilizar-politicamente-a-la-emigracion-espanola\/\" target=\"_self\">va n\u00e9ixer a l'abril de 2017<\/a> per a mobilitzar pol\u00edticament a l'emigraci\u00f3 espanyola i donar veu a les seves reivindicacions. Actualment comptem amb assemblees estables a <a href=\"http:\/\/iuexterior.org\/ca\/Bruselas\/\" rel=\"noreferrer noopener\" target=\"_self\">Brussel\u00b7les<\/a>, B\u00e8lgica; <a href=\"http:\/\/iuexterior.org\/ca\/Berlin\/\" rel=\"noreferrer noopener\" target=\"_self\">Berl\u00edn<\/a>\u00a0i\u00a0<a href=\"http:\/\/iuexterior.org\/ca\/Frankfurt\/\" rel=\"noreferrer noopener\" target=\"_self\">Frankfurt<\/a>, a Alemanya; <a href=\"http:\/\/iuexterior.org\/ca\/Luxemburgo\/\" rel=\"noreferrer noopener\" target=\"_self\">Luxemburg<\/a>;\u00a0<a href=\"http:\/\/iuexterior.org\/ca\/Zurich\/\" rel=\"noreferrer noopener\" target=\"_self\">Zuric<\/a>, a Su\u00efssa; a <a href=\"http:\/\/iuexterior.org\/ca\/Lyon\/\" target=\"_self\">Li\u00f3<\/a>\u00a0i\u00a0<a href=\"http:\/\/iuexterior.org\/ca\/Toulouse\/\" rel=\"noreferrer noopener\" target=\"_self\">Tolosa<\/a>, a Fran\u00e7a; i tant a la <a href=\"http:\/\/iuexterior.org\/ca\/BuenosAires\/\" rel=\"noreferrer noopener\" target=\"_self\">Ciutat de Buenos Aires<\/a>\u00a0com a la <a href=\"http:\/\/iuexterior.org\/ca\/provinciabuenosaires\" rel=\"noreferrer noopener\" target=\"_self\">Prov\u00edncia de Buenos Aires<\/a>, a l'Argentina. A m\u00e9s, la federaci\u00f3 disposa de l'assemblea <a href=\"http:\/\/iuexterior.org\/ca\/Global\/\" rel=\"noreferrer noopener\" target=\"_self\">IU Global<\/a>, per mitj\u00e0 de la qual participa la milit\u00e0ncia dispersa pel m\u00f3n sense acc\u00e9s a una assemblea local pr\u00f2pia.<\/p>\n\n\n\n<p class=\"wp-block-paragraph translation-block\">Pots contactar amb <strong>IU Exterior<\/strong> a trav\u00e9s del correu <a href=\"mailto:exterior@izquierdaunida.org\" rel=\"noreferrer noopener\" target=\"_self\"><strong>exterior@izquierdaunida.org<\/strong><\/a> o dels nostres perfils en <a href=\"https:\/\/www.facebook.com\/IUExterior\/\" rel=\"noreferrer noopener\" target=\"_self\"><strong>Facebook<\/strong><\/a>,\u00a0<a href=\"https:\/\/twitter.com\/IUExterior\/\" rel=\"noreferrer noopener\" target=\"_self\"><strong>Twitter<\/strong><\/a>\u00a0i\u00a0<a href=\"https:\/\/www.instagram.com\/IUExterior\/\" rel=\"noreferrer noopener\" target=\"_self\"><strong>Instagram<\/strong><\/a>.<\/p>","protected":false},"excerpt":{"rendered":"<p>La Federaci\u00f3n de Izquierda Unida Exterior celebr\u00f3 su III Asamblea de manera telem\u00e1tica el 29 de noviembre de 2025, con la participaci\u00f3n de asambleas de Bruselas, Berl\u00edn, Estocolmo, Toulouse, Buenos &hellip;<\/p>","protected":false},"author":8,"featured_media":3983,"parent":0,"menu_order":0,"comment_status":"closed","ping_status":"closed","template":"","meta":{"footnotes":""},"class_list":["post-4014","page","type-page","status-publish","has-post-thumbnail",""],"_links":{"self":[{"href":"http:\/\/iuexterior.org\/ca\/wp-json\/wp\/v2\/pages\/4014","targetHints":{"allow":["GET"]}}],"collection":[{"href":"http:\/\/iuexterior.org\/ca\/wp-json\/wp\/v2\/pages"}],"about":[{"href":"http:\/\/iuexterior.org\/ca\/wp-json\/wp\/v2\/types\/page"}],"author":[{"embeddable":true,"href":"http:\/\/iuexterior.org\/ca\/wp-json\/wp\/v2\/users\/8"}],"replies":[{"embeddable":true,"href":"http:\/\/iuexterior.org\/ca\/wp-json\/wp\/v2\/comments?post=4014"}],"version-history":[{"count":18,"href":"http:\/\/iuexterior.org\/ca\/wp-json\/wp\/v2\/pages\/4014\/revisions"}],"predecessor-version":[{"id":5698,"href":"http:\/\/iuexterior.org\/ca\/wp-json\/wp\/v2\/pages\/4014\/revisions\/5698"}],"wp:featuredmedia":[{"embeddable":true,"href":"http:\/\/iuexterior.org\/ca\/wp-json\/wp\/v2\/media\/3983"}],"wp:attachment":[{"href":"http:\/\/iuexterior.org\/ca\/wp-json\/wp\/v2\/media?parent=4014"}],"curies":[{"name":"wp","href":"https:\/\/api.w.org\/{rel}","templated":true}]}}